{"id":76,"date":"2023-10-24T00:40:36","date_gmt":"2023-10-24T00:40:36","guid":{"rendered":"https:\/\/radiosisal.com\/br\/bs-front-page\/"},"modified":"2025-05-12T10:45:04","modified_gmt":"2025-05-12T10:45:04","slug":"bs-front-page","status":"publish","type":"page","link":"https:\/\/radiosisal.com\/br\/","title":{"rendered":"Front page"},"content":{"rendered":"<p>[vc_row full_width=&#8221;stretch_row&#8221;][vc_column width=&#8221;2\/3&#8243; css=&#8221;.vc_custom_1710357117926{background-color: #3890e1 !important;border-radius: 15px !important;}&#8221;]<div class=\"bscb-98989  vc_custom_1710501547191 have_bg bs-listing bs-listing-modern-grid-listing-4 bs-listing-single-tab\">\t<div class=\"listing listing-modern-grid listing-modern-grid-4 clearfix  slider-overlay-simple-gr columns-2\">\r\n\t\t<article class=\"post-12085 type-post format-standard has-post-thumbnail  listing-item-1 listing-item listing-mg-item listing-mg-4-item main-term-1 bsw-550\">\r\n\t<div class=\"item-content\">\r\n\t\t<a  title=\"PROJETO QUE PREV\u00ca DISTRIBUI\u00c7\u00c3O GRATUITA DE MOUNJARO EM FEIRA DE SANTANA \u00c9 APROVADO EM PRIMEIRA VOTA\u00c7\u00c3O\" data-src=\"https:\/\/i0.wp.com\/radiosisal.com\/br\/wp-content\/uploads\/2026\/04\/WhatsApp-Image-2026-04-30-at-07.31.19.jpeg?resize=368%2C445&ssl=1\" data-bs-srcset=\"{&quot;baseurl&quot;:&quot;https:\\\/\\\/i0.wp.com\\\/radiosisal.com\\\/br\\\/wp-content\\\/uploads\\\/2026\\\/04\\\/&quot;,&quot;sizes&quot;:{&quot;180&quot;:&quot;WhatsApp-Image-2026-04-30-at-07.31.19-180x217.jpeg&quot;,&quot;267&quot;:&quot;WhatsApp-Image-2026-04-30-at-07.31.19-267x322.jpeg&quot;,&quot;368&quot;:&quot;WhatsApp-Image-2026-04-30-at-07.31.19-368x445.jpeg&quot;,&quot;984&quot;:&quot;WhatsApp-Image-2026-04-30-at-07.31.19.jpeg&quot;}}\"\t\t\t\tclass=\"img-cont\" href=\"https:\/\/radiosisal.com\/br\/2026\/04\/30\/projeto-que-preve-distribuicao-gratuita-de-mounjaro-em-feira-de-santana-e-aprovado-em-primeira-votacao\/\"><\/a>\r\n\t\t<div class=\"term-badges floated\"><span class=\"term-badge term-1\"><a href=\"https:\/\/radiosisal.com\/br\/category\/geral\/\">Geral<\/a><\/span><\/div>\t\t<div class=\"content-container\">\r\n\t\t\t<h2 class=\"title\">\t\t\t<a href=\"https:\/\/radiosisal.com\/br\/2026\/04\/30\/projeto-que-preve-distribuicao-gratuita-de-mounjaro-em-feira-de-santana-e-aprovado-em-primeira-votacao\/\" class=\"post-url post-title\">\r\n\t\t\t\tPROJETO QUE PREV\u00ca DISTRIBUI\u00c7\u00c3O GRATUITA DE MOUNJARO EM FEIRA DE SANTANA \u00c9&hellip;\t\t\t<\/a>\r\n\t\t\t<\/h2>\t\t<div class=\"post-meta\">\r\n\r\n\t\t\t\t\t\t\t<a href=\"https:\/\/radiosisal.com\/br\/author\/dayran\/\"\r\n\t\t\t\t   title=\"Artigos de autor\"\r\n\t\t\t\t   class=\"post-author-a\">\r\n\t\t\t\t\t<i class=\"post-author author\">\r\n\t\t\t\t\t\tdayran\t\t\t\t\t<\/i>\r\n\t\t\t\t<\/a>\r\n\t\t\t\t\t\t\t<span class=\"time\"><time class=\"post-published updated\"\r\n\t\t\t\t                         datetime=\"2026-04-30T10:34:34+00:00\">30 Abr, 2026<\/time><\/span>\r\n\t\t\t\t<a href=\"https:\/\/radiosisal.com\/br\/2026\/04\/30\/projeto-que-preve-distribuicao-gratuita-de-mounjaro-em-feira-de-santana-e-aprovado-em-primeira-votacao\/#respond\" title=\"Deixe um coment\u00e1rio sobre: \u200b\u200b&quot;PROJETO QUE PREV\u00ca DISTRIBUI\u00c7\u00c3O GRATUITA DE MOUNJARO EM FEIRA DE SANTANA \u00c9 APROVADO EM PRIMEIRA VOTA\u00c7\u00c3O&quot;\" class=\"comments\"><i class=\"fa fa-comments-o\"><\/i> 0<\/a>\t\t<\/div>\r\n\t\t\t\t<\/div>\r\n\t<\/div>\r\n\t<\/article >\r\n\t<article class=\"post-12082 type-post format-standard has-post-thumbnail  listing-item-2 listing-item listing-mg-item listing-mg-4-item main-term-1 bsw-550\">\r\n\t<div class=\"item-content\">\r\n\t\t<a  title=\"DIESEL SOBE 17,7% NA BAHIA E SUPERA M\u00c9DIA NACIONAL EM UM M\u00caS\" data-src=\"https:\/\/i0.wp.com\/radiosisal.com\/br\/wp-content\/uploads\/2026\/04\/a-volta-do-gigante-petrobras-reativa-obra-bilionar0138584200202604141523-ScaleDownProportional.webp?resize=368%2C445&ssl=1\" data-bs-srcset=\"{&quot;baseurl&quot;:&quot;https:\\\/\\\/i0.wp.com\\\/radiosisal.com\\\/br\\\/wp-content\\\/uploads\\\/2026\\\/04\\\/&quot;,&quot;sizes&quot;:{&quot;180&quot;:&quot;a-volta-do-gigante-petrobras-reativa-obra-bilionar0138584200202604141523-ScaleDownProportional-180x217.webp&quot;,&quot;267&quot;:&quot;a-volta-do-gigante-petrobras-reativa-obra-bilionar0138584200202604141523-ScaleDownProportional-267x322.webp&quot;,&quot;368&quot;:&quot;a-volta-do-gigante-petrobras-reativa-obra-bilionar0138584200202604141523-ScaleDownProportional-368x445.webp&quot;,&quot;1170&quot;:&quot;a-volta-do-gigante-petrobras-reativa-obra-bilionar0138584200202604141523-ScaleDownProportional.webp&quot;}}\"\t\t\t\tclass=\"img-cont\" href=\"https:\/\/radiosisal.com\/br\/2026\/04\/29\/diesel-sobe-177-na-bahia-e-supera-media-nacional-em-um-mes\/\"><\/a>\r\n\t\t<div class=\"term-badges floated\"><span class=\"term-badge term-1\"><a href=\"https:\/\/radiosisal.com\/br\/category\/geral\/\">Geral<\/a><\/span><\/div>\t\t<div class=\"content-container\">\r\n\t\t\t<h2 class=\"title\">\t\t\t<a href=\"https:\/\/radiosisal.com\/br\/2026\/04\/29\/diesel-sobe-177-na-bahia-e-supera-media-nacional-em-um-mes\/\" class=\"post-url post-title\">\r\n\t\t\t\tDIESEL SOBE 17,7% NA BAHIA E SUPERA M\u00c9DIA NACIONAL EM UM M\u00caS\t\t\t<\/a>\r\n\t\t\t<\/h2>\t\t<div class=\"post-meta\">\r\n\r\n\t\t\t\t\t\t\t<a href=\"https:\/\/radiosisal.com\/br\/author\/dayran\/\"\r\n\t\t\t\t   title=\"Artigos de autor\"\r\n\t\t\t\t   class=\"post-author-a\">\r\n\t\t\t\t\t<i class=\"post-author author\">\r\n\t\t\t\t\t\tdayran\t\t\t\t\t<\/i>\r\n\t\t\t\t<\/a>\r\n\t\t\t\t\t\t\t<span class=\"time\"><time class=\"post-published updated\"\r\n\t\t\t\t                         datetime=\"2026-04-29T13:57:10+00:00\">29 Abr, 2026<\/time><\/span>\r\n\t\t\t\t<a href=\"https:\/\/radiosisal.com\/br\/2026\/04\/29\/diesel-sobe-177-na-bahia-e-supera-media-nacional-em-um-mes\/#respond\" title=\"Deixe um coment\u00e1rio sobre: \u200b\u200b&quot;DIESEL SOBE 17,7% NA BAHIA E SUPERA M\u00c9DIA NACIONAL EM UM M\u00caS&quot;\" class=\"comments\"><i class=\"fa fa-comments-o\"><\/i> 0<\/a>\t\t<\/div>\r\n\t\t\t\t<\/div>\r\n\t<\/div>\r\n\t<\/article >\r\n\t<article class=\"post-12079 type-post format-standard has-post-thumbnail  listing-item-3 listing-item listing-mg-item listing-mg-4-item main-term-1 bsw-550\">\r\n\t<div class=\"item-content\">\r\n\t\t<a  title=\"3 MESES AP\u00d3S APROVA\u00c7\u00c3O DA ANVISA, INJE\u00c7\u00c3O SEMESTRAL CONTRA HIV AINDA N\u00c3O TEM PERSPECTIVA DE INCORPORA\u00c7\u00c3O AO SUS\" data-src=\"https:\/\/i0.wp.com\/radiosisal.com\/br\/wp-content\/uploads\/2026\/04\/WhatsApp-Image-2026-04-29-at-08.29.02.jpeg?resize=368%2C445&ssl=1\" data-bs-srcset=\"{&quot;baseurl&quot;:&quot;https:\\\/\\\/i0.wp.com\\\/radiosisal.com\\\/br\\\/wp-content\\\/uploads\\\/2026\\\/04\\\/&quot;,&quot;sizes&quot;:{&quot;180&quot;:&quot;WhatsApp-Image-2026-04-29-at-08.29.02-180x217.jpeg&quot;,&quot;267&quot;:&quot;WhatsApp-Image-2026-04-29-at-08.29.02-267x322.jpeg&quot;,&quot;368&quot;:&quot;WhatsApp-Image-2026-04-29-at-08.29.02-368x445.jpeg&quot;,&quot;984&quot;:&quot;WhatsApp-Image-2026-04-29-at-08.29.02.jpeg&quot;}}\"\t\t\t\tclass=\"img-cont\" href=\"https:\/\/radiosisal.com\/br\/2026\/04\/29\/3-meses-apos-aprovacao-da-anvisa-injecao-semestral-contra-hiv-ainda-nao-tem-perspectiva-de-incorporacao-ao-sus\/\"><\/a>\r\n\t\t<div class=\"term-badges floated\"><span class=\"term-badge term-1\"><a href=\"https:\/\/radiosisal.com\/br\/category\/geral\/\">Geral<\/a><\/span><\/div>\t\t<div class=\"content-container\">\r\n\t\t\t<h2 class=\"title\">\t\t\t<a href=\"https:\/\/radiosisal.com\/br\/2026\/04\/29\/3-meses-apos-aprovacao-da-anvisa-injecao-semestral-contra-hiv-ainda-nao-tem-perspectiva-de-incorporacao-ao-sus\/\" class=\"post-url post-title\">\r\n\t\t\t\t3 MESES AP\u00d3S APROVA\u00c7\u00c3O DA ANVISA, INJE\u00c7\u00c3O SEMESTRAL CONTRA HIV AINDA N\u00c3O TEM&hellip;\t\t\t<\/a>\r\n\t\t\t<\/h2>\t\t<div class=\"post-meta\">\r\n\r\n\t\t\t\t\t\t\t<a href=\"https:\/\/radiosisal.com\/br\/author\/dayran\/\"\r\n\t\t\t\t   title=\"Artigos de autor\"\r\n\t\t\t\t   class=\"post-author-a\">\r\n\t\t\t\t\t<i class=\"post-author author\">\r\n\t\t\t\t\t\tdayran\t\t\t\t\t<\/i>\r\n\t\t\t\t<\/a>\r\n\t\t\t\t\t\t\t<span class=\"time\"><time class=\"post-published updated\"\r\n\t\t\t\t                         datetime=\"2026-04-29T11:44:47+00:00\">29 Abr, 2026<\/time><\/span>\r\n\t\t\t\t<a href=\"https:\/\/radiosisal.com\/br\/2026\/04\/29\/3-meses-apos-aprovacao-da-anvisa-injecao-semestral-contra-hiv-ainda-nao-tem-perspectiva-de-incorporacao-ao-sus\/#respond\" title=\"Deixe um coment\u00e1rio sobre: \u200b\u200b&quot;3 MESES AP\u00d3S APROVA\u00c7\u00c3O DA ANVISA, INJE\u00c7\u00c3O SEMESTRAL CONTRA HIV AINDA N\u00c3O TEM PERSPECTIVA DE INCORPORA\u00c7\u00c3O AO SUS&quot;\" class=\"comments\"><i class=\"fa fa-comments-o\"><\/i> 0<\/a>\t\t<\/div>\r\n\t\t\t\t<\/div>\r\n\t<\/div>\r\n\t<\/article >\r\n\t<article class=\"post-12075 type-post format-standard has-post-thumbnail  listing-item-4 listing-item listing-mg-item listing-mg-4-item main-term-1 bsw-550\">\r\n\t<div class=\"item-content\">\r\n\t\t<a  title=\"PRAZO PARA ISEN\u00c7\u00c3O\u202fDE TAXA\u202fDO ENEM 2026 TERMINA NESTA QUINTA-FEIRA\" data-src=\"https:\/\/i0.wp.com\/radiosisal.com\/br\/wp-content\/uploads\/2026\/04\/enem-mc_abr_16112025-15.jpg?resize=368%2C445&ssl=1\" data-bs-srcset=\"{&quot;baseurl&quot;:&quot;https:\\\/\\\/i0.wp.com\\\/radiosisal.com\\\/br\\\/wp-content\\\/uploads\\\/2026\\\/04\\\/&quot;,&quot;sizes&quot;:{&quot;180&quot;:&quot;enem-mc_abr_16112025-15-180x217.jpg&quot;,&quot;267&quot;:&quot;enem-mc_abr_16112025-15-267x322.jpg&quot;,&quot;368&quot;:&quot;enem-mc_abr_16112025-15-368x445.jpg&quot;,&quot;1170&quot;:&quot;enem-mc_abr_16112025-15.jpg&quot;}}\"\t\t\t\tclass=\"img-cont\" href=\"https:\/\/radiosisal.com\/br\/2026\/04\/29\/prazo-para-isencao-de-taxa-do-enem-2026-termina-nesta-quinta-feira\/\"><\/a>\r\n\t\t<div class=\"term-badges floated\"><span class=\"term-badge term-1\"><a href=\"https:\/\/radiosisal.com\/br\/category\/geral\/\">Geral<\/a><\/span><\/div>\t\t<div class=\"content-container\">\r\n\t\t\t<h2 class=\"title\">\t\t\t<a href=\"https:\/\/radiosisal.com\/br\/2026\/04\/29\/prazo-para-isencao-de-taxa-do-enem-2026-termina-nesta-quinta-feira\/\" class=\"post-url post-title\">\r\n\t\t\t\tPRAZO PARA ISEN\u00c7\u00c3O\u202fDE TAXA\u202fDO ENEM 2026 TERMINA NESTA QUINTA-FEIRA\t\t\t<\/a>\r\n\t\t\t<\/h2>\t\t<div class=\"post-meta\">\r\n\r\n\t\t\t\t\t\t\t<a href=\"https:\/\/radiosisal.com\/br\/author\/dayran\/\"\r\n\t\t\t\t   title=\"Artigos de autor\"\r\n\t\t\t\t   class=\"post-author-a\">\r\n\t\t\t\t\t<i class=\"post-author author\">\r\n\t\t\t\t\t\tdayran\t\t\t\t\t<\/i>\r\n\t\t\t\t<\/a>\r\n\t\t\t\t\t\t\t<span class=\"time\"><time class=\"post-published updated\"\r\n\t\t\t\t                         datetime=\"2026-04-29T10:27:54+00:00\">29 Abr, 2026<\/time><\/span>\r\n\t\t\t\t<a href=\"https:\/\/radiosisal.com\/br\/2026\/04\/29\/prazo-para-isencao-de-taxa-do-enem-2026-termina-nesta-quinta-feira\/#respond\" title=\"Deixe um coment\u00e1rio sobre: \u200b\u200b&quot;PRAZO PARA ISEN\u00c7\u00c3O\u202fDE TAXA\u202fDO ENEM 2026 TERMINA NESTA QUINTA-FEIRA&quot;\" class=\"comments\"><i class=\"fa fa-comments-o\"><\/i> 0<\/a>\t\t<\/div>\r\n\t\t\t\t<\/div>\r\n\t<\/div>\r\n\t<\/article >\r\n\t<\/div>\r\n\t<\/div>[\/vc_column][vc_column width=&#8221;1\/3&#8243; css=&#8221;.vc_custom_1710357144939{background-color: #b6d3d3 !important;border-radius: 15px !important;}&#8221;][vc_wp_text title=&#8221;Transmiss\u00e3o ao vivo Sisal FM&#8221;]<iframe style=\"width: 100%; height: 100%;\" src=\"https:\/\/player.hdradios.net\/camera-studio\/7724\/VjFSS1IyUkdjRmxUYldoT1ZYcFdkbGRyYUV0aFJuQklZa2hhYW1WVVZqRlhiR2hTVUZFOVBRPT0rUg==\/16:9\/true\" frameborder=\"0\" scrolling=\"No\" allowfullscreen=\"allowfullscreen\"><\/iframe>[\/vc_wp_text][vc_wp_text title=&#8221;OU\u00c7A AO VIVO!!!&#8221;]<\/p>\n<style>audio::-webkit-media-controls-timeline { display:none;}<\/style>\n<p><audio src=\"https:\/\/sv13.hdradios.net:7724\/stream\" autoplay=\"false\" controls=\"controls\"><\/audio>[\/vc_wp_text][vc_wp_text]<img loading=\"lazy\" decoding=\"async\" class=\"sFlh5c FyHeAf aligncenter\" src=\"https:\/\/encrypted-tbn0.gstatic.com\/images?q=tbn:ANd9GcTSwi6TiMzzBp5x_n9IQE53w08DI3Ysefx14g&amp;s\" alt=\"MSI Fibra Internet - Coit\u00e9 (@msicoite) \u2022 Instagram photos and videos\" width=\"248\" height=\"248\" data-ilt=\"1744825046910\" \/>[\/vc_wp_text][\/vc_column][\/vc_row][vc_row][vc_column width=&#8221;2\/3&#8243; css=&#8221;.vc_custom_1710337145852{background-color: #ffffff !important;}&#8221;][\/vc_column][\/vc_row][vc_row css=&#8221;.vc_custom_1699406507754{background-color: rgba(97,194,208,0.06) !important;*background-color: rgb(97,194,208) !important;}&#8221;][vc_column width=&#8221;1\/3&#8243; css=&#8221;.vc_custom_1710339516476{background-color: #3890e1 !important;border-radius: 15px !important;}&#8221;]<div class=\"bscb-16694 vc_custom_1710340252138 bsb-have-heading-color have_bg bs-listing bs-listing-listing-mix-3-4 bs-listing-single-tab\">\t\t<h3 class=\"section-heading sh-t1 sh-s2 main-term-1\">\r\n\r\n\t\t\r\n\t\t\t\t\t\t\t<a href=\"https:\/\/radiosisal.com\/br\/category\/geral\/\" class=\"main-link\">\r\n\t\t\t\t\t\t\t<span class=\"h-text main-term-1\">\r\n\t\t\t\t\t\t\t\t\u00daLTIMAS NOTICIAS\t\t\t\t\t\t\t<\/span>\r\n\t\t\t\t<\/a>\r\n\t\t\t\r\n\t\t\r\n\t\t<\/h3>\r\n\t\t\t<div class=\"listing listing-mix-3-4 clearfix \">\r\n\t\t<div class=\"item-inner\">\r\n\t\t\t<div class=\"row-1\">\r\n\t\t\t\t\t<div class=\"listing listing-modern-grid listing-modern-grid-3 clearfix columns-1 slider-overlay-simple-gr\">\r\n\t\t\t<article class=\"post-12085 type-post format-standard has-post-thumbnail  listing-item-1 listing-item listing-mg-item listing-mg-3-item main-term-1 bsw-1050\">\r\n\t<div class=\"item-content\">\r\n\t\t<a  title=\"PROJETO QUE PREV\u00ca DISTRIBUI\u00c7\u00c3O GRATUITA DE MOUNJARO EM FEIRA DE SANTANA \u00c9 APROVADO EM PRIMEIRA VOTA\u00c7\u00c3O\" data-src=\"https:\/\/i0.wp.com\/radiosisal.com\/br\/wp-content\/uploads\/2026\/04\/WhatsApp-Image-2026-04-30-at-07.31.19.jpeg?resize=750%2C430&ssl=1\" data-bs-srcset=\"{&quot;baseurl&quot;:&quot;https:\\\/\\\/i0.wp.com\\\/radiosisal.com\\\/br\\\/wp-content\\\/uploads\\\/2026\\\/04\\\/&quot;,&quot;sizes&quot;:{&quot;210&quot;:&quot;WhatsApp-Image-2026-04-30-at-07.31.19-210x136.jpeg&quot;,&quot;279&quot;:&quot;WhatsApp-Image-2026-04-30-at-07.31.19-279x220.jpeg&quot;,&quot;357&quot;:&quot;WhatsApp-Image-2026-04-30-at-07.31.19-357x210.jpeg&quot;,&quot;750&quot;:&quot;WhatsApp-Image-2026-04-30-at-07.31.19-750x430.jpeg&quot;,&quot;984&quot;:&quot;WhatsApp-Image-2026-04-30-at-07.31.19.jpeg&quot;}}\"\t\t\t\tclass=\"img-cont\" href=\"https:\/\/radiosisal.com\/br\/2026\/04\/30\/projeto-que-preve-distribuicao-gratuita-de-mounjaro-em-feira-de-santana-e-aprovado-em-primeira-votacao\/\"><\/a>\r\n\t\t\t\t<div class=\"content-container\">\r\n\t\t\t<h2 class=\"title\">\t\t\t<a href=\"https:\/\/radiosisal.com\/br\/2026\/04\/30\/projeto-que-preve-distribuicao-gratuita-de-mounjaro-em-feira-de-santana-e-aprovado-em-primeira-votacao\/\" class=\"post-title post-url\">\r\n\t\t\t\tPROJETO QUE PREV\u00ca DISTRIBUI\u00c7\u00c3O GRATUITA DE MOUNJARO EM FEIRA DE SANTANA \u00c9 APROVADO&hellip;\t\t\t<\/a>\r\n\t\t\t<\/h2>\t\t<\/div>\r\n\t<\/div>\r\n\t<\/article >\r\n\t<\/div>\r\n\t\t\t<\/div>\r\n\t\t\t\t\t\t\t<div class=\"row-2\">\r\n\t\t\t\t\t\t<div class=\"listing listing-thumbnail listing-tb-1 clearfix columns-1\">\r\n\t\t<article class=\"post-12082 type-post format-standard has-post-thumbnail  listing-item-1 listing-item listing-item-thumbnail listing-item-tb-1 main-term-1\">\r\n\t<div class=\"item-inner clearfix\">\r\n\t\t\t\t\t<div class=\"featured featured-type-featured-image\">\r\n\t\t\t\t<a  title=\"DIESEL SOBE 17,7% NA BAHIA E SUPERA M\u00c9DIA NACIONAL EM UM M\u00caS\" data-src=\"https:\/\/i0.wp.com\/radiosisal.com\/br\/wp-content\/uploads\/2026\/04\/a-volta-do-gigante-petrobras-reativa-obra-bilionar0138584200202604141523-ScaleDownProportional.webp?resize=86%2C64&ssl=1\" data-bs-srcset=\"{&quot;baseurl&quot;:&quot;https:\\\/\\\/i0.wp.com\\\/radiosisal.com\\\/br\\\/wp-content\\\/uploads\\\/2026\\\/04\\\/&quot;,&quot;sizes&quot;:{&quot;86&quot;:&quot;a-volta-do-gigante-petrobras-reativa-obra-bilionar0138584200202604141523-ScaleDownProportional-86x64.webp&quot;,&quot;210&quot;:&quot;a-volta-do-gigante-petrobras-reativa-obra-bilionar0138584200202604141523-ScaleDownProportional-210x136.webp&quot;,&quot;1170&quot;:&quot;a-volta-do-gigante-petrobras-reativa-obra-bilionar0138584200202604141523-ScaleDownProportional.webp&quot;}}\"\t\t\t\t\t\tclass=\"img-holder\" href=\"https:\/\/radiosisal.com\/br\/2026\/04\/29\/diesel-sobe-177-na-bahia-e-supera-media-nacional-em-um-mes\/\"><\/a>\r\n\t\t\t\t\t\t\t<\/div>\r\n\t\t<h2 class=\"title\">\t\t<a href=\"https:\/\/radiosisal.com\/br\/2026\/04\/29\/diesel-sobe-177-na-bahia-e-supera-media-nacional-em-um-mes\/\" class=\"post-url post-title\">\r\n\t\t\tDIESEL SOBE 17,7% NA BAHIA E SUPERA M\u00c9DIA NACIONAL EM UM M\u00caS\t\t<\/a>\r\n\t\t<\/h2>\t\t<div class=\"post-meta\">\r\n\r\n\t\t\t\t\t<\/div>\r\n\t\t\t<\/div>\r\n\t<\/article >\r\n\t<article class=\"post-12079 type-post format-standard has-post-thumbnail  listing-item-1 listing-item listing-item-thumbnail listing-item-tb-1 main-term-1\">\r\n\t<div class=\"item-inner clearfix\">\r\n\t\t\t\t\t<div class=\"featured featured-type-featured-image\">\r\n\t\t\t\t<a  title=\"3 MESES AP\u00d3S APROVA\u00c7\u00c3O DA ANVISA, INJE\u00c7\u00c3O SEMESTRAL CONTRA HIV AINDA N\u00c3O TEM PERSPECTIVA DE INCORPORA\u00c7\u00c3O AO SUS\" data-src=\"https:\/\/i0.wp.com\/radiosisal.com\/br\/wp-content\/uploads\/2026\/04\/WhatsApp-Image-2026-04-29-at-08.29.02.jpeg?resize=86%2C64&ssl=1\" data-bs-srcset=\"{&quot;baseurl&quot;:&quot;https:\\\/\\\/i0.wp.com\\\/radiosisal.com\\\/br\\\/wp-content\\\/uploads\\\/2026\\\/04\\\/&quot;,&quot;sizes&quot;:{&quot;86&quot;:&quot;WhatsApp-Image-2026-04-29-at-08.29.02-86x64.jpeg&quot;,&quot;210&quot;:&quot;WhatsApp-Image-2026-04-29-at-08.29.02-210x136.jpeg&quot;,&quot;984&quot;:&quot;WhatsApp-Image-2026-04-29-at-08.29.02.jpeg&quot;}}\"\t\t\t\t\t\tclass=\"img-holder\" href=\"https:\/\/radiosisal.com\/br\/2026\/04\/29\/3-meses-apos-aprovacao-da-anvisa-injecao-semestral-contra-hiv-ainda-nao-tem-perspectiva-de-incorporacao-ao-sus\/\"><\/a>\r\n\t\t\t\t\t\t\t<\/div>\r\n\t\t<h2 class=\"title\">\t\t<a href=\"https:\/\/radiosisal.com\/br\/2026\/04\/29\/3-meses-apos-aprovacao-da-anvisa-injecao-semestral-contra-hiv-ainda-nao-tem-perspectiva-de-incorporacao-ao-sus\/\" class=\"post-url post-title\">\r\n\t\t\t3 MESES AP\u00d3S APROVA\u00c7\u00c3O DA ANVISA, INJE\u00c7\u00c3O SEMESTRAL CONTRA HIV AINDA&hellip;\t\t<\/a>\r\n\t\t<\/h2>\t\t<div class=\"post-meta\">\r\n\r\n\t\t\t\t\t<\/div>\r\n\t\t\t<\/div>\r\n\t<\/article >\r\n\t<article class=\"post-12075 type-post format-standard has-post-thumbnail  listing-item-1 listing-item listing-item-thumbnail listing-item-tb-1 main-term-1\">\r\n\t<div class=\"item-inner clearfix\">\r\n\t\t\t\t\t<div class=\"featured featured-type-featured-image\">\r\n\t\t\t\t<a  title=\"PRAZO PARA ISEN\u00c7\u00c3O\u202fDE TAXA\u202fDO ENEM 2026 TERMINA NESTA QUINTA-FEIRA\" data-src=\"https:\/\/i0.wp.com\/radiosisal.com\/br\/wp-content\/uploads\/2026\/04\/enem-mc_abr_16112025-15.jpg?resize=86%2C64&ssl=1\" data-bs-srcset=\"{&quot;baseurl&quot;:&quot;https:\\\/\\\/i0.wp.com\\\/radiosisal.com\\\/br\\\/wp-content\\\/uploads\\\/2026\\\/04\\\/&quot;,&quot;sizes&quot;:{&quot;86&quot;:&quot;enem-mc_abr_16112025-15-86x64.jpg&quot;,&quot;210&quot;:&quot;enem-mc_abr_16112025-15-210x136.jpg&quot;,&quot;1170&quot;:&quot;enem-mc_abr_16112025-15.jpg&quot;}}\"\t\t\t\t\t\tclass=\"img-holder\" href=\"https:\/\/radiosisal.com\/br\/2026\/04\/29\/prazo-para-isencao-de-taxa-do-enem-2026-termina-nesta-quinta-feira\/\"><\/a>\r\n\t\t\t\t\t\t\t<\/div>\r\n\t\t<h2 class=\"title\">\t\t<a href=\"https:\/\/radiosisal.com\/br\/2026\/04\/29\/prazo-para-isencao-de-taxa-do-enem-2026-termina-nesta-quinta-feira\/\" class=\"post-url post-title\">\r\n\t\t\tPRAZO PARA ISEN\u00c7\u00c3O\u202fDE TAXA\u202fDO ENEM 2026 TERMINA NESTA QUINTA-FEIRA\t\t<\/a>\r\n\t\t<\/h2>\t\t<div class=\"post-meta\">\r\n\r\n\t\t\t\t\t<\/div>\r\n\t\t\t<\/div>\r\n\t<\/article >\r\n\t<\/div>\r\n\t\t\t\t\t<\/div>\r\n\t\t\t\t\t\t<\/div>\r\n\t<\/div>\r\n<\/div>[\/vc_column][vc_column width=&#8221;1\/3&#8243; css=&#8221;.vc_custom_1710339505920{background-color: #3890e1 !important;border-radius: 15px !important;}&#8221;]<div class=\"bscb-98837 vc_custom_1710423249348 bsb-have-heading-color have_bg bs-listing bs-listing-listing-mix-3-4 bs-listing-single-tab\">\t\t<h3 class=\"section-heading sh-t1 sh-s2 main-term-25\">\r\n\r\n\t\t\r\n\t\t\t\t\t\t\t<a href=\"https:\/\/radiosisal.com\/br\/category\/economia\/\" class=\"main-link\">\r\n\t\t\t\t\t\t\t<span class=\"h-text main-term-25\">\r\n\t\t\t\t\t\t\t\tNOVIDADES!\t\t\t\t\t\t\t<\/span>\r\n\t\t\t\t<\/a>\r\n\t\t\t\r\n\t\t\r\n\t\t<\/h3>\r\n\t\t\t<div class=\"listing listing-mix-3-4 clearfix \">\r\n\t\t<div class=\"item-inner\">\r\n\t\t\t<div class=\"row-1\">\r\n\t\t\t\t\t<div class=\"listing listing-modern-grid listing-modern-grid-3 clearfix columns-1 slider-overlay-simple-gr\">\r\n\t\t\t<article class=\"post-11803 type-post format-standard has-post-thumbnail  listing-item-1 listing-item listing-mg-item listing-mg-3-item main-term-24 bsw-1050\">\r\n\t<div class=\"item-content\">\r\n\t\t<a  title=\"CINEMA 2026: CONFIRA AS PRINCIPAIS ESTREIAS DE FILMES NO M\u00caS DE ABRIL\" data-src=\"https:\/\/i0.wp.com\/radiosisal.com\/br\/wp-content\/uploads\/2026\/04\/3c5e10e4425c9840720ab6c307243e43.jpg?resize=750%2C430&ssl=1\" data-bs-srcset=\"{&quot;baseurl&quot;:&quot;https:\\\/\\\/i0.wp.com\\\/radiosisal.com\\\/br\\\/wp-content\\\/uploads\\\/2026\\\/04\\\/&quot;,&quot;sizes&quot;:{&quot;210&quot;:&quot;3c5e10e4425c9840720ab6c307243e43-210x136.jpg&quot;,&quot;279&quot;:&quot;3c5e10e4425c9840720ab6c307243e43-279x220.jpg&quot;,&quot;357&quot;:&quot;3c5e10e4425c9840720ab6c307243e43-357x210.jpg&quot;,&quot;750&quot;:&quot;3c5e10e4425c9840720ab6c307243e43-750x430.jpg&quot;,&quot;1920&quot;:&quot;3c5e10e4425c9840720ab6c307243e43.jpg&quot;}}\"\t\t\t\tclass=\"img-cont\" href=\"https:\/\/radiosisal.com\/br\/2026\/04\/03\/cinema-2026-confira-as-principais-estreias-de-filmes-no-mes-de-abril\/\"><\/a>\r\n\t\t\t\t<div class=\"content-container\">\r\n\t\t\t<h2 class=\"title\">\t\t\t<a href=\"https:\/\/radiosisal.com\/br\/2026\/04\/03\/cinema-2026-confira-as-principais-estreias-de-filmes-no-mes-de-abril\/\" class=\"post-title post-url\">\r\n\t\t\t\tCINEMA 2026: CONFIRA AS PRINCIPAIS ESTREIAS DE FILMES NO M\u00caS DE ABRIL\t\t\t<\/a>\r\n\t\t\t<\/h2>\t\t<\/div>\r\n\t<\/div>\r\n\t<\/article >\r\n\t<\/div>\r\n\t\t\t<\/div>\r\n\t\t\t\t\t\t\t<div class=\"row-2\">\r\n\t\t\t\t\t\t<div class=\"listing listing-thumbnail listing-tb-1 clearfix columns-1\">\r\n\t\t<article class=\"post-11791 type-post format-standard has-post-thumbnail  listing-item-1 listing-item listing-item-thumbnail listing-item-tb-1 main-term-24\">\r\n\t<div class=\"item-inner clearfix\">\r\n\t\t\t\t\t<div class=\"featured featured-type-featured-image\">\r\n\t\t\t\t<a  title=\"7 FILMES POL\u00caMICOS COM TEM\u00c1TICA CRIST\u00c3 PARA VER NESTA SEMANA SANTA\" data-src=\"https:\/\/i0.wp.com\/radiosisal.com\/br\/wp-content\/uploads\/2026\/04\/7-filmes-polemicos-com-tematica-crista-para-ver-ne0138444400202603311841-ScaleDownProportional.webp?resize=86%2C64&ssl=1\" data-bs-srcset=\"{&quot;baseurl&quot;:&quot;https:\\\/\\\/i0.wp.com\\\/radiosisal.com\\\/br\\\/wp-content\\\/uploads\\\/2026\\\/04\\\/&quot;,&quot;sizes&quot;:{&quot;86&quot;:&quot;7-filmes-polemicos-com-tematica-crista-para-ver-ne0138444400202603311841-ScaleDownProportional-86x64.webp&quot;,&quot;210&quot;:&quot;7-filmes-polemicos-com-tematica-crista-para-ver-ne0138444400202603311841-ScaleDownProportional-210x136.webp&quot;,&quot;1200&quot;:&quot;7-filmes-polemicos-com-tematica-crista-para-ver-ne0138444400202603311841-ScaleDownProportional.webp&quot;}}\"\t\t\t\t\t\tclass=\"img-holder\" href=\"https:\/\/radiosisal.com\/br\/2026\/04\/02\/7-filmes-polemicos-com-tematica-crista-para-ver-nesta-semana-santa\/\"><\/a>\r\n\t\t\t\t\t\t\t<\/div>\r\n\t\t<h2 class=\"title\">\t\t<a href=\"https:\/\/radiosisal.com\/br\/2026\/04\/02\/7-filmes-polemicos-com-tematica-crista-para-ver-nesta-semana-santa\/\" class=\"post-url post-title\">\r\n\t\t\t7 FILMES POL\u00caMICOS COM TEM\u00c1TICA CRIST\u00c3 PARA VER NESTA SEMANA SANTA\t\t<\/a>\r\n\t\t<\/h2>\t\t<div class=\"post-meta\">\r\n\r\n\t\t\t\t\t<\/div>\r\n\t\t\t<\/div>\r\n\t<\/article >\r\n\t<article class=\"post-11374 type-post format-standard has-post-thumbnail  listing-item-1 listing-item listing-item-thumbnail listing-item-tb-1 main-term-24\">\r\n\t<div class=\"item-inner clearfix\">\r\n\t\t\t\t\t<div class=\"featured featured-type-featured-image\">\r\n\t\t\t\t<a  title=\"O NOVO FILME DE GUERRA DA NETFLIX QUE VAI SALVAR SUA QUARTA-FEIRA\" data-src=\"https:\/\/i0.wp.com\/radiosisal.com\/br\/wp-content\/uploads\/2026\/02\/o-novo-filme-de-guerra-da-netflix-que-vai-salvar-s0138075400202602241319-ScaleDownProportional.webp?resize=86%2C64&ssl=1\" data-bs-srcset=\"{&quot;baseurl&quot;:&quot;https:\\\/\\\/i0.wp.com\\\/radiosisal.com\\\/br\\\/wp-content\\\/uploads\\\/2026\\\/02\\\/&quot;,&quot;sizes&quot;:{&quot;86&quot;:&quot;o-novo-filme-de-guerra-da-netflix-que-vai-salvar-s0138075400202602241319-ScaleDownProportional-86x64.webp&quot;,&quot;210&quot;:&quot;o-novo-filme-de-guerra-da-netflix-que-vai-salvar-s0138075400202602241319-ScaleDownProportional-210x136.webp&quot;,&quot;1200&quot;:&quot;o-novo-filme-de-guerra-da-netflix-que-vai-salvar-s0138075400202602241319-ScaleDownProportional.webp&quot;}}\"\t\t\t\t\t\tclass=\"img-holder\" href=\"https:\/\/radiosisal.com\/br\/2026\/02\/25\/o-novo-filme-de-guerra-da-netflix-que-vai-salvar-sua-quarta-feira\/\"><\/a>\r\n\t\t\t\t\t\t\t<\/div>\r\n\t\t<h2 class=\"title\">\t\t<a href=\"https:\/\/radiosisal.com\/br\/2026\/02\/25\/o-novo-filme-de-guerra-da-netflix-que-vai-salvar-sua-quarta-feira\/\" class=\"post-url post-title\">\r\n\t\t\tO NOVO FILME DE GUERRA DA NETFLIX QUE VAI SALVAR SUA QUARTA-FEIRA\t\t<\/a>\r\n\t\t<\/h2>\t\t<div class=\"post-meta\">\r\n\r\n\t\t\t\t\t<\/div>\r\n\t\t\t<\/div>\r\n\t<\/article >\r\n\t<article class=\"post-11327 type-post format-standard has-post-thumbnail  listing-item-1 listing-item listing-item-thumbnail listing-item-tb-1 main-term-24\">\r\n\t<div class=\"item-inner clearfix\">\r\n\t\t\t\t\t<div class=\"featured featured-type-featured-image\">\r\n\t\t\t\t<a  title=\"CINEMA 2025: CONFIRA AS PRINCIPAIS ESTREIAS DE FILMES NO M\u00caS DE MAR\u00c7O\" data-src=\"https:\/\/i0.wp.com\/radiosisal.com\/br\/wp-content\/uploads\/2026\/02\/76ba0e4cc294c82047c3852b157c38e2.jpg?resize=86%2C64&ssl=1\" data-bs-srcset=\"{&quot;baseurl&quot;:&quot;https:\\\/\\\/i0.wp.com\\\/radiosisal.com\\\/br\\\/wp-content\\\/uploads\\\/2026\\\/02\\\/&quot;,&quot;sizes&quot;:{&quot;86&quot;:&quot;76ba0e4cc294c82047c3852b157c38e2-86x64.jpg&quot;,&quot;210&quot;:&quot;76ba0e4cc294c82047c3852b157c38e2-210x136.jpg&quot;,&quot;1920&quot;:&quot;76ba0e4cc294c82047c3852b157c38e2.jpg&quot;}}\"\t\t\t\t\t\tclass=\"img-holder\" href=\"https:\/\/radiosisal.com\/br\/2026\/02\/20\/cinema-2025-confira-as-principais-estreias-de-filmes-no-mes-de-marco\/\"><\/a>\r\n\t\t\t\t\t\t\t<\/div>\r\n\t\t<h2 class=\"title\">\t\t<a href=\"https:\/\/radiosisal.com\/br\/2026\/02\/20\/cinema-2025-confira-as-principais-estreias-de-filmes-no-mes-de-marco\/\" class=\"post-url post-title\">\r\n\t\t\tCINEMA 2025: CONFIRA AS PRINCIPAIS ESTREIAS DE FILMES NO M\u00caS DE MAR\u00c7O\t\t<\/a>\r\n\t\t<\/h2>\t\t<div class=\"post-meta\">\r\n\r\n\t\t\t\t\t<\/div>\r\n\t\t\t<\/div>\r\n\t<\/article >\r\n\t<\/div>\r\n\t\t\t\t\t<\/div>\r\n\t\t\t\t\t\t<\/div>\r\n\t<\/div>\r\n<\/div>[\/vc_column][vc_column width=&#8221;1\/3&#8243; css=&#8221;.vc_custom_1710357269195{background-color: #b6d3d3 !important;border-radius: 15px !important;}&#8221;][\/vc_column][\/vc_row][vc_row][vc_column css=&#8221;.vc_custom_1710339532502{border-radius: 15px !important;}&#8221;]<div class=\"bscb-35867 vc_custom_1710340588419 bsb-have-heading-color have_bg bs-listing bs-listing-listing-text-2 bs-listing-single-tab\">\t\t<h3 class=\"section-heading sh-t6 sh-s10 main-term-none\">\r\n\r\n\t\t\r\n\t\t\t\t\t\t\t<span class=\"h-text main-term-none main-link\">\r\n\t\t\t\t\t\tNOT\u00cdCIAS MAIS LIDAS\t\t\t\t\t<\/span>\r\n\t\t\t\r\n\t\t\r\n\t\t<\/h3>\r\n\t\t\t<div class=\"listing listing-text listing-text-2 clearfix columns-4\">\r\n\t\t<article class=\"post-12085 type-post format-standard has-post-thumbnail   listing-item listing-item-text listing-item-text-2 main-term-1\">\r\n\t<div class=\"item-inner\">\r\n\t\t<h2 class=\"title\">\t\t<a href=\"https:\/\/radiosisal.com\/br\/2026\/04\/30\/projeto-que-preve-distribuicao-gratuita-de-mounjaro-em-feira-de-santana-e-aprovado-em-primeira-votacao\/\" class=\"post-title post-url\">\r\n\t\t\tPROJETO QUE PREV\u00ca DISTRIBUI\u00c7\u00c3O GRATUITA DE MOUNJARO EM FEIRA DE&hellip;\t\t<\/a>\r\n\t\t<\/h2>\t\t<div class=\"post-meta\">\r\n\r\n\t\t\t\t\t\t\t<span class=\"time\"><time class=\"post-published updated\"\r\n\t\t\t\t                         datetime=\"2026-04-30T10:34:34+00:00\">30 Abr, 2026<\/time><\/span>\r\n\t\t\t\t\t\t<\/div>\r\n\t\t\t<\/div>\r\n\t<\/article >\r\n\t<article class=\"post-12082 type-post format-standard has-post-thumbnail   listing-item listing-item-text listing-item-text-2 main-term-1\">\r\n\t<div class=\"item-inner\">\r\n\t\t<h2 class=\"title\">\t\t<a href=\"https:\/\/radiosisal.com\/br\/2026\/04\/29\/diesel-sobe-177-na-bahia-e-supera-media-nacional-em-um-mes\/\" class=\"post-title post-url\">\r\n\t\t\tDIESEL SOBE 17,7% NA BAHIA E SUPERA M\u00c9DIA NACIONAL EM UM M\u00caS\t\t<\/a>\r\n\t\t<\/h2>\t\t<div class=\"post-meta\">\r\n\r\n\t\t\t\t\t\t\t<span class=\"time\"><time class=\"post-published updated\"\r\n\t\t\t\t                         datetime=\"2026-04-29T13:57:10+00:00\">29 Abr, 2026<\/time><\/span>\r\n\t\t\t\t\t\t<\/div>\r\n\t\t\t<\/div>\r\n\t<\/article >\r\n\t<article class=\"post-12079 type-post format-standard has-post-thumbnail   listing-item listing-item-text listing-item-text-2 main-term-1\">\r\n\t<div class=\"item-inner\">\r\n\t\t<h2 class=\"title\">\t\t<a href=\"https:\/\/radiosisal.com\/br\/2026\/04\/29\/3-meses-apos-aprovacao-da-anvisa-injecao-semestral-contra-hiv-ainda-nao-tem-perspectiva-de-incorporacao-ao-sus\/\" class=\"post-title post-url\">\r\n\t\t\t3 MESES AP\u00d3S APROVA\u00c7\u00c3O DA ANVISA, INJE\u00c7\u00c3O SEMESTRAL CONTRA HIV AINDA&hellip;\t\t<\/a>\r\n\t\t<\/h2>\t\t<div class=\"post-meta\">\r\n\r\n\t\t\t\t\t\t\t<span class=\"time\"><time class=\"post-published updated\"\r\n\t\t\t\t                         datetime=\"2026-04-29T11:44:47+00:00\">29 Abr, 2026<\/time><\/span>\r\n\t\t\t\t\t\t<\/div>\r\n\t\t\t<\/div>\r\n\t<\/article >\r\n\t<article class=\"post-12075 type-post format-standard has-post-thumbnail   listing-item listing-item-text listing-item-text-2 main-term-1\">\r\n\t<div class=\"item-inner\">\r\n\t\t<h2 class=\"title\">\t\t<a href=\"https:\/\/radiosisal.com\/br\/2026\/04\/29\/prazo-para-isencao-de-taxa-do-enem-2026-termina-nesta-quinta-feira\/\" class=\"post-title post-url\">\r\n\t\t\tPRAZO PARA ISEN\u00c7\u00c3O\u202fDE TAXA\u202fDO ENEM 2026 TERMINA NESTA QUINTA-FEIRA\t\t<\/a>\r\n\t\t<\/h2>\t\t<div class=\"post-meta\">\r\n\r\n\t\t\t\t\t\t\t<span class=\"time\"><time class=\"post-published updated\"\r\n\t\t\t\t                         datetime=\"2026-04-29T10:27:54+00:00\">29 Abr, 2026<\/time><\/span>\r\n\t\t\t\t\t\t<\/div>\r\n\t\t\t<\/div>\r\n\t<\/article >\r\n\t<\/div>\r\n\t<\/div><div class=\"bscb-85414  vc_custom_1710501640830 bs-light-scheme have_bg bs-listing bs-listing-modern-grid-listing-3 bs-listing-single-tab\">\t\t<h3 class=\"section-heading sh-t7 sh-s1 main-term-18\">\r\n\r\n\t\t\r\n\t\t\t\t\t\t\t<a href=\"https:\/\/radiosisal.com\/br\/category\/entrevista\/\" class=\"main-link\">\r\n\t\t\t\t\t\t\t<span class=\"h-text main-term-18\">\r\n\t\t\t\t\t\t\t\tENTREVISTAS\t\t\t\t\t\t\t<\/span>\r\n\t\t\t\t<\/a>\r\n\t\t\t\r\n\t\t\r\n\t\t<\/h3>\r\n\t\t\t<div class=\"listing listing-modern-grid listing-modern-grid-3 clearfix  slider-overlay-simple-gr columns-3\">\r\n\t\t\t<article class=\"post-1623 type-post format-video has-post-thumbnail  listing-item-1 listing-item listing-mg-item listing-mg-3-item main-term-18 bsw-350\">\r\n\t<div class=\"item-content\">\r\n\t\t<a  title=\"Entrevista com a dentista, Dra. Let\u00edcia Lima\" data-src=\"https:\/\/i0.wp.com\/radiosisal.com\/br\/wp-content\/uploads\/2024\/03\/entrevista4.png?resize=750%2C430&ssl=1\" data-bs-srcset=\"{&quot;baseurl&quot;:&quot;https:\\\/\\\/i0.wp.com\\\/radiosisal.com\\\/br\\\/wp-content\\\/uploads\\\/2024\\\/03\\\/&quot;,&quot;sizes&quot;:{&quot;210&quot;:&quot;entrevista4-210x136.png&quot;,&quot;279&quot;:&quot;entrevista4-279x220.png&quot;,&quot;357&quot;:&quot;entrevista4-357x210.png&quot;,&quot;750&quot;:&quot;entrevista4-750x430.png&quot;,&quot;1080&quot;:&quot;entrevista4.png&quot;}}\"\t\t\t\tclass=\"img-cont\" href=\"https:\/\/radiosisal.com\/br\/2024\/03\/12\/entrevista-com-a-dentista-dra-leticia-lima\/\"><\/a>\r\n\t\t<span class=\"format-icon format-video\"><i class=\"fa fa-play\"><\/i><\/span>\t\t<div class=\"content-container\">\r\n\t\t\t<div class=\"term-badges floated\"><span class=\"term-badge term-18\"><a href=\"https:\/\/radiosisal.com\/br\/category\/entrevista\/\">Entrevistas<\/a><\/span><\/div><h2 class=\"title\">\t\t\t<a href=\"https:\/\/radiosisal.com\/br\/2024\/03\/12\/entrevista-com-a-dentista-dra-leticia-lima\/\" class=\"post-title post-url\">\r\n\t\t\t\tEntrevista com a dentista, Dra. Let\u00edcia Lima\t\t\t<\/a>\r\n\t\t\t<\/h2>\t\t<div class=\"post-meta\">\r\n\r\n\t\t\t\t\t\t\t<a href=\"https:\/\/radiosisal.com\/br\/author\/admin\/\"\r\n\t\t\t\t   title=\"Artigos de autor\"\r\n\t\t\t\t   class=\"post-author-a\">\r\n\t\t\t\t\t<i class=\"post-author author\">\r\n\t\t\t\t\t\tadmin\t\t\t\t\t<\/i>\r\n\t\t\t\t<\/a>\r\n\t\t\t\t\t\t\t<span class=\"time\"><time class=\"post-published updated\"\r\n\t\t\t\t                         datetime=\"2024-03-12T12:14:12+00:00\">12 Mar, 2024<\/time><\/span>\r\n\t\t\t\t<a href=\"https:\/\/radiosisal.com\/br\/2024\/03\/12\/entrevista-com-a-dentista-dra-leticia-lima\/#respond\" title=\"Deixe um coment\u00e1rio sobre: \u200b\u200b&quot;Entrevista com a dentista, Dra. Let\u00edcia Lima&quot;\" class=\"comments\"><i class=\"fa fa-comments-o\"><\/i> 0<\/a>\t\t<\/div>\r\n\t\t\t\t<\/div>\r\n\t<\/div>\r\n\t<\/article >\r\n\t<article class=\"post-1578 type-post format-video has-post-thumbnail  listing-item-2 listing-item listing-mg-item listing-mg-3-item main-term-18 bsw-350\">\r\n\t<div class=\"item-content\">\r\n\t\t<a  title=\"Entrevista com a Secret\u00e1ria de Assist\u00eancia e Desenvolvimento Social de Concei\u00e7\u00e3o do Coit\u00e9\" data-src=\"https:\/\/i0.wp.com\/radiosisal.com\/br\/wp-content\/uploads\/2024\/03\/entrevista3.png?resize=750%2C430&ssl=1\" data-bs-srcset=\"{&quot;baseurl&quot;:&quot;https:\\\/\\\/i0.wp.com\\\/radiosisal.com\\\/br\\\/wp-content\\\/uploads\\\/2024\\\/03\\\/&quot;,&quot;sizes&quot;:{&quot;210&quot;:&quot;entrevista3-210x136.png&quot;,&quot;279&quot;:&quot;entrevista3-279x220.png&quot;,&quot;357&quot;:&quot;entrevista3-357x210.png&quot;,&quot;750&quot;:&quot;entrevista3-750x430.png&quot;,&quot;1080&quot;:&quot;entrevista3.png&quot;}}\"\t\t\t\tclass=\"img-cont\" href=\"https:\/\/radiosisal.com\/br\/2024\/03\/11\/entrevista-com-a-secretaria-de-assistencia-e-desenvolvimento-social-de-conceicao-do-coite\/\"><\/a>\r\n\t\t<span class=\"format-icon format-video\"><i class=\"fa fa-play\"><\/i><\/span>\t\t<div class=\"content-container\">\r\n\t\t\t<div class=\"term-badges floated\"><span class=\"term-badge term-18\"><a href=\"https:\/\/radiosisal.com\/br\/category\/entrevista\/\">Entrevistas<\/a><\/span><\/div><h2 class=\"title\">\t\t\t<a href=\"https:\/\/radiosisal.com\/br\/2024\/03\/11\/entrevista-com-a-secretaria-de-assistencia-e-desenvolvimento-social-de-conceicao-do-coite\/\" class=\"post-title post-url\">\r\n\t\t\t\tEntrevista com a Secret\u00e1ria de Assist\u00eancia e Desenvolvimento&hellip;\t\t\t<\/a>\r\n\t\t\t<\/h2>\t\t<div class=\"post-meta\">\r\n\r\n\t\t\t\t\t\t\t<a href=\"https:\/\/radiosisal.com\/br\/author\/admin\/\"\r\n\t\t\t\t   title=\"Artigos de autor\"\r\n\t\t\t\t   class=\"post-author-a\">\r\n\t\t\t\t\t<i class=\"post-author author\">\r\n\t\t\t\t\t\tadmin\t\t\t\t\t<\/i>\r\n\t\t\t\t<\/a>\r\n\t\t\t\t\t\t\t<span class=\"time\"><time class=\"post-published updated\"\r\n\t\t\t\t                         datetime=\"2024-03-11T13:35:41+00:00\">11 Mar, 2024<\/time><\/span>\r\n\t\t\t\t<a href=\"https:\/\/radiosisal.com\/br\/2024\/03\/11\/entrevista-com-a-secretaria-de-assistencia-e-desenvolvimento-social-de-conceicao-do-coite\/#comments\" title=\"Deixe um coment\u00e1rio sobre: \u200b\u200b&quot;Entrevista com a Secret\u00e1ria de Assist\u00eancia e Desenvolvimento Social de Concei\u00e7\u00e3o do Coit\u00e9&quot;\" class=\"comments\"><i class=\"fa fa-comments-o\"><\/i> 1<\/a>\t\t<\/div>\r\n\t\t\t\t<\/div>\r\n\t<\/div>\r\n\t<\/article >\r\n\t<article class=\"post-1569 type-post format-video has-post-thumbnail  listing-item-3 listing-item listing-mg-item listing-mg-3-item main-term-18 bsw-350\">\r\n\t<div class=\"item-content\">\r\n\t\t<a  title=\"Entrevista com Antonio Pedro Am\u00e2ncio &#8211; Departamento de Esportes de Concei\u00e7\u00e3o do Coit\u00e9\" data-src=\"https:\/\/i0.wp.com\/radiosisal.com\/br\/wp-content\/uploads\/2024\/03\/entrevista2.png?resize=750%2C430&ssl=1\" data-bs-srcset=\"{&quot;baseurl&quot;:&quot;https:\\\/\\\/i0.wp.com\\\/radiosisal.com\\\/br\\\/wp-content\\\/uploads\\\/2024\\\/03\\\/&quot;,&quot;sizes&quot;:{&quot;210&quot;:&quot;entrevista2-210x136.png&quot;,&quot;279&quot;:&quot;entrevista2-279x220.png&quot;,&quot;357&quot;:&quot;entrevista2-357x210.png&quot;,&quot;750&quot;:&quot;entrevista2-750x430.png&quot;,&quot;1080&quot;:&quot;entrevista2.png&quot;}}\"\t\t\t\tclass=\"img-cont\" href=\"https:\/\/radiosisal.com\/br\/2024\/03\/11\/videos-da-sisal\/\"><\/a>\r\n\t\t<span class=\"format-icon format-video\"><i class=\"fa fa-play\"><\/i><\/span>\t\t<div class=\"content-container\">\r\n\t\t\t<div class=\"term-badges floated\"><span class=\"term-badge term-18\"><a href=\"https:\/\/radiosisal.com\/br\/category\/entrevista\/\">Entrevistas<\/a><\/span><\/div><h2 class=\"title\">\t\t\t<a href=\"https:\/\/radiosisal.com\/br\/2024\/03\/11\/videos-da-sisal\/\" class=\"post-title post-url\">\r\n\t\t\t\tEntrevista com Antonio Pedro Am\u00e2ncio &#8211; Departamento de&hellip;\t\t\t<\/a>\r\n\t\t\t<\/h2>\t\t<div class=\"post-meta\">\r\n\r\n\t\t\t\t\t\t\t<a href=\"https:\/\/radiosisal.com\/br\/author\/admin\/\"\r\n\t\t\t\t   title=\"Artigos de autor\"\r\n\t\t\t\t   class=\"post-author-a\">\r\n\t\t\t\t\t<i class=\"post-author author\">\r\n\t\t\t\t\t\tadmin\t\t\t\t\t<\/i>\r\n\t\t\t\t<\/a>\r\n\t\t\t\t\t\t\t<span class=\"time\"><time class=\"post-published updated\"\r\n\t\t\t\t                         datetime=\"2024-03-11T13:10:30+00:00\">11 Mar, 2024<\/time><\/span>\r\n\t\t\t\t<a href=\"https:\/\/radiosisal.com\/br\/2024\/03\/11\/videos-da-sisal\/#respond\" title=\"Deixe um coment\u00e1rio sobre: \u200b\u200b&quot;Entrevista com Antonio Pedro Am\u00e2ncio &#8211; Departamento de Esportes de Concei\u00e7\u00e3o do Coit\u00e9&quot;\" class=\"comments\"><i class=\"fa fa-comments-o\"><\/i> 0<\/a>\t\t<\/div>\r\n\t\t\t\t<\/div>\r\n\t<\/div>\r\n\t<\/article >\r\n\t<\/div>\r\n<\/div>[\/vc_column][\/vc_row][vc_row css=&#8221;.vc_custom_1699405070778{background-color: #3890e1 !important;}&#8221;][vc_column css=&#8221;.vc_custom_1710339784625{background-color: #3890e1 !important;border-radius: 15px !important;}&#8221;]<div class=\"bscb-32493 bs-listing bs-listing-modern-grid-listing-4 bs-listing-single-tab\">\t\t<h3 class=\"section-heading sh-t3 sh-s8 main-term-24\">\r\n\r\n\t\t\r\n\t\t\t\t\t\t\t<a href=\"https:\/\/radiosisal.com\/br\/category\/indicacoes\/\" class=\"main-link\">\r\n\t\t\t\t\t\t\t<span class=\"h-text main-term-24\">\r\n\t\t\t\t\t\t\t\tINDICA\u00c7\u00d5ES DA SISAL\t\t\t\t\t\t\t<\/span>\r\n\t\t\t\t<\/a>\r\n\t\t\t\r\n\t\t\r\n\t\t<\/h3>\r\n\t\t\t<div class=\"listing listing-modern-grid listing-modern-grid-4 clearfix  slider-overlay-simple-gr columns-3\">\r\n\t\t<article class=\"post-11803 type-post format-standard has-post-thumbnail  listing-item-1 listing-item listing-mg-item listing-mg-4-item main-term-24 bsw-350\">\r\n\t<div class=\"item-content\">\r\n\t\t<a  title=\"CINEMA 2026: CONFIRA AS PRINCIPAIS ESTREIAS DE FILMES NO M\u00caS DE ABRIL\" data-src=\"https:\/\/i0.wp.com\/radiosisal.com\/br\/wp-content\/uploads\/2026\/04\/3c5e10e4425c9840720ab6c307243e43.jpg?resize=368%2C445&ssl=1\" data-bs-srcset=\"{&quot;baseurl&quot;:&quot;https:\\\/\\\/i0.wp.com\\\/radiosisal.com\\\/br\\\/wp-content\\\/uploads\\\/2026\\\/04\\\/&quot;,&quot;sizes&quot;:{&quot;180&quot;:&quot;3c5e10e4425c9840720ab6c307243e43-180x217.jpg&quot;,&quot;267&quot;:&quot;3c5e10e4425c9840720ab6c307243e43-267x322.jpg&quot;,&quot;368&quot;:&quot;3c5e10e4425c9840720ab6c307243e43-368x445.jpg&quot;,&quot;1920&quot;:&quot;3c5e10e4425c9840720ab6c307243e43.jpg&quot;}}\"\t\t\t\tclass=\"img-cont\" href=\"https:\/\/radiosisal.com\/br\/2026\/04\/03\/cinema-2026-confira-as-principais-estreias-de-filmes-no-mes-de-abril\/\"><\/a>\r\n\t\t<div class=\"term-badges floated\"><span class=\"term-badge term-24\"><a href=\"https:\/\/radiosisal.com\/br\/category\/indicacoes\/\">Indica\u00e7\u00f5es<\/a><\/span><\/div>\t\t<div class=\"content-container\">\r\n\t\t\t<h2 class=\"title\">\t\t\t<a href=\"https:\/\/radiosisal.com\/br\/2026\/04\/03\/cinema-2026-confira-as-principais-estreias-de-filmes-no-mes-de-abril\/\" class=\"post-url post-title\">\r\n\t\t\t\tCINEMA 2026: CONFIRA AS PRINCIPAIS ESTREIAS DE FILMES NO M\u00caS DE ABRIL\t\t\t<\/a>\r\n\t\t\t<\/h2>\t\t<div class=\"post-meta\">\r\n\r\n\t\t\t\t\t\t\t<a href=\"https:\/\/radiosisal.com\/br\/author\/dayran\/\"\r\n\t\t\t\t   title=\"Artigos de autor\"\r\n\t\t\t\t   class=\"post-author-a\">\r\n\t\t\t\t\t<i class=\"post-author author\">\r\n\t\t\t\t\t\tdayran\t\t\t\t\t<\/i>\r\n\t\t\t\t<\/a>\r\n\t\t\t\t\t\t\t<span class=\"time\"><time class=\"post-published updated\"\r\n\t\t\t\t                         datetime=\"2026-04-03T01:06:06+00:00\">3 Abr, 2026<\/time><\/span>\r\n\t\t\t\t<a href=\"https:\/\/radiosisal.com\/br\/2026\/04\/03\/cinema-2026-confira-as-principais-estreias-de-filmes-no-mes-de-abril\/#respond\" title=\"Deixe um coment\u00e1rio sobre: \u200b\u200b&quot;CINEMA 2026: CONFIRA AS PRINCIPAIS ESTREIAS DE FILMES NO M\u00caS DE ABRIL&quot;\" class=\"comments\"><i class=\"fa fa-comments-o\"><\/i> 0<\/a>\t\t<\/div>\r\n\t\t\t\t<\/div>\r\n\t<\/div>\r\n\t<\/article >\r\n\t<article class=\"post-11791 type-post format-standard has-post-thumbnail  listing-item-2 listing-item listing-mg-item listing-mg-4-item main-term-24 bsw-350\">\r\n\t<div class=\"item-content\">\r\n\t\t<a  title=\"7 FILMES POL\u00caMICOS COM TEM\u00c1TICA CRIST\u00c3 PARA VER NESTA SEMANA SANTA\" data-src=\"https:\/\/i0.wp.com\/radiosisal.com\/br\/wp-content\/uploads\/2026\/04\/7-filmes-polemicos-com-tematica-crista-para-ver-ne0138444400202603311841-ScaleDownProportional.webp?resize=368%2C445&ssl=1\" data-bs-srcset=\"{&quot;baseurl&quot;:&quot;https:\\\/\\\/i0.wp.com\\\/radiosisal.com\\\/br\\\/wp-content\\\/uploads\\\/2026\\\/04\\\/&quot;,&quot;sizes&quot;:{&quot;180&quot;:&quot;7-filmes-polemicos-com-tematica-crista-para-ver-ne0138444400202603311841-ScaleDownProportional-180x217.webp&quot;,&quot;267&quot;:&quot;7-filmes-polemicos-com-tematica-crista-para-ver-ne0138444400202603311841-ScaleDownProportional-267x322.webp&quot;,&quot;368&quot;:&quot;7-filmes-polemicos-com-tematica-crista-para-ver-ne0138444400202603311841-ScaleDownProportional-368x445.webp&quot;,&quot;1200&quot;:&quot;7-filmes-polemicos-com-tematica-crista-para-ver-ne0138444400202603311841-ScaleDownProportional.webp&quot;}}\"\t\t\t\tclass=\"img-cont\" href=\"https:\/\/radiosisal.com\/br\/2026\/04\/02\/7-filmes-polemicos-com-tematica-crista-para-ver-nesta-semana-santa\/\"><\/a>\r\n\t\t<div class=\"term-badges floated\"><span class=\"term-badge term-24\"><a href=\"https:\/\/radiosisal.com\/br\/category\/indicacoes\/\">Indica\u00e7\u00f5es<\/a><\/span><\/div>\t\t<div class=\"content-container\">\r\n\t\t\t<h2 class=\"title\">\t\t\t<a href=\"https:\/\/radiosisal.com\/br\/2026\/04\/02\/7-filmes-polemicos-com-tematica-crista-para-ver-nesta-semana-santa\/\" class=\"post-url post-title\">\r\n\t\t\t\t7 FILMES POL\u00caMICOS COM TEM\u00c1TICA CRIST\u00c3 PARA VER NESTA SEMANA SANTA\t\t\t<\/a>\r\n\t\t\t<\/h2>\t\t<div class=\"post-meta\">\r\n\r\n\t\t\t\t\t\t\t<a href=\"https:\/\/radiosisal.com\/br\/author\/dayran\/\"\r\n\t\t\t\t   title=\"Artigos de autor\"\r\n\t\t\t\t   class=\"post-author-a\">\r\n\t\t\t\t\t<i class=\"post-author author\">\r\n\t\t\t\t\t\tdayran\t\t\t\t\t<\/i>\r\n\t\t\t\t<\/a>\r\n\t\t\t\t\t\t\t<span class=\"time\"><time class=\"post-published updated\"\r\n\t\t\t\t                         datetime=\"2026-04-02T10:25:51+00:00\">2 Abr, 2026<\/time><\/span>\r\n\t\t\t\t<a href=\"https:\/\/radiosisal.com\/br\/2026\/04\/02\/7-filmes-polemicos-com-tematica-crista-para-ver-nesta-semana-santa\/#respond\" title=\"Deixe um coment\u00e1rio sobre: \u200b\u200b&quot;7 FILMES POL\u00caMICOS COM TEM\u00c1TICA CRIST\u00c3 PARA VER NESTA SEMANA SANTA&quot;\" class=\"comments\"><i class=\"fa fa-comments-o\"><\/i> 0<\/a>\t\t<\/div>\r\n\t\t\t\t<\/div>\r\n\t<\/div>\r\n\t<\/article >\r\n\t<article class=\"post-11374 type-post format-standard has-post-thumbnail  listing-item-3 listing-item listing-mg-item listing-mg-4-item main-term-24 bsw-350\">\r\n\t<div class=\"item-content\">\r\n\t\t<a  title=\"O NOVO FILME DE GUERRA DA NETFLIX QUE VAI SALVAR SUA QUARTA-FEIRA\" data-src=\"https:\/\/i0.wp.com\/radiosisal.com\/br\/wp-content\/uploads\/2026\/02\/o-novo-filme-de-guerra-da-netflix-que-vai-salvar-s0138075400202602241319-ScaleDownProportional.webp?resize=368%2C445&ssl=1\" data-bs-srcset=\"{&quot;baseurl&quot;:&quot;https:\\\/\\\/i0.wp.com\\\/radiosisal.com\\\/br\\\/wp-content\\\/uploads\\\/2026\\\/02\\\/&quot;,&quot;sizes&quot;:{&quot;180&quot;:&quot;o-novo-filme-de-guerra-da-netflix-que-vai-salvar-s0138075400202602241319-ScaleDownProportional-180x217.webp&quot;,&quot;267&quot;:&quot;o-novo-filme-de-guerra-da-netflix-que-vai-salvar-s0138075400202602241319-ScaleDownProportional-267x322.webp&quot;,&quot;368&quot;:&quot;o-novo-filme-de-guerra-da-netflix-que-vai-salvar-s0138075400202602241319-ScaleDownProportional-368x445.webp&quot;,&quot;1200&quot;:&quot;o-novo-filme-de-guerra-da-netflix-que-vai-salvar-s0138075400202602241319-ScaleDownProportional.webp&quot;}}\"\t\t\t\tclass=\"img-cont\" href=\"https:\/\/radiosisal.com\/br\/2026\/02\/25\/o-novo-filme-de-guerra-da-netflix-que-vai-salvar-sua-quarta-feira\/\"><\/a>\r\n\t\t<div class=\"term-badges floated\"><span class=\"term-badge term-24\"><a href=\"https:\/\/radiosisal.com\/br\/category\/indicacoes\/\">Indica\u00e7\u00f5es<\/a><\/span><\/div>\t\t<div class=\"content-container\">\r\n\t\t\t<h2 class=\"title\">\t\t\t<a href=\"https:\/\/radiosisal.com\/br\/2026\/02\/25\/o-novo-filme-de-guerra-da-netflix-que-vai-salvar-sua-quarta-feira\/\" class=\"post-url post-title\">\r\n\t\t\t\tO NOVO FILME DE GUERRA DA NETFLIX QUE VAI SALVAR SUA QUARTA-FEIRA\t\t\t<\/a>\r\n\t\t\t<\/h2>\t\t<div class=\"post-meta\">\r\n\r\n\t\t\t\t\t\t\t<a href=\"https:\/\/radiosisal.com\/br\/author\/dayran\/\"\r\n\t\t\t\t   title=\"Artigos de autor\"\r\n\t\t\t\t   class=\"post-author-a\">\r\n\t\t\t\t\t<i class=\"post-author author\">\r\n\t\t\t\t\t\tdayran\t\t\t\t\t<\/i>\r\n\t\t\t\t<\/a>\r\n\t\t\t\t\t\t\t<span class=\"time\"><time class=\"post-published updated\"\r\n\t\t\t\t                         datetime=\"2026-02-25T10:15:25+00:00\">25 Fev, 2026<\/time><\/span>\r\n\t\t\t\t<a href=\"https:\/\/radiosisal.com\/br\/2026\/02\/25\/o-novo-filme-de-guerra-da-netflix-que-vai-salvar-sua-quarta-feira\/#respond\" title=\"Deixe um coment\u00e1rio sobre: \u200b\u200b&quot;O NOVO FILME DE GUERRA DA NETFLIX QUE VAI SALVAR SUA QUARTA-FEIRA&quot;\" class=\"comments\"><i class=\"fa fa-comments-o\"><\/i> 0<\/a>\t\t<\/div>\r\n\t\t\t\t<\/div>\r\n\t<\/div>\r\n\t<\/article >\r\n\t<\/div>\r\n\t<\/div>[\/vc_column][\/vc_row][vc_row][vc_column][vc_separator color=&#8221;green&#8221;][\/vc_column][\/vc_row][vc_row][vc_column css=&#8221;.vc_custom_1702563520459{background-color: #56af6c !important;}&#8221;][vc_column_text]<\/p>\n<h2><span style=\"color: #ffffff;\"><strong>PLAYLISTS DA SISAL FM NO SPOTIFY!<\/strong><\/span><\/h2>\n<p>[\/vc_column_text][\/vc_column][\/vc_row][vc_row css=&#8221;.vc_custom_1701820831414{background-color: #545454 !important;}&#8221;][vc_column width=&#8221;1\/4&#8243;]\t<div class=\"bs-shortcode bs-box bs-box-2  \">\r\n\t\t\t\t<div class=\"bs-box-inner\">\r\n\t\t\t\t\t\t<div class=\"box-content\">\r\n\t\t\t\t<a class=\"box-image\" href=\"https:\/\/open.spotify.com\/playlist\/30vuyeqg9A7Dntgpi7QbdX\"\r\n\t\t\t\t   style=\"background-image: url('https:\/\/i0.wp.com\/radiosisal.com\/br\/wp-content\/uploads\/2023\/12\/Blue-Texture-Top-Playlist-Of-The-Week-Instagram-Post.png?resize=750%2C430&#038;ssl=1')\">\r\n\t\t\t\t<\/a>\r\n\t\t\t\t<div class=\"box-text\">\r\n\t\t\t\t\t<h3 class=\"box-title\"><\/h3>\r\n\t\t\t\t<\/div>\r\n\t\t\t<\/div>\r\n\t\t<\/div>\r\n\t<\/div>\r\n[\/vc_column][vc_column width=&#8221;1\/4&#8243;]\t<div class=\"bs-shortcode bs-box bs-box-2  \">\r\n\t\t\t\t<div class=\"bs-box-inner\">\r\n\t\t\t\t\t\t<div class=\"box-content\">\r\n\t\t\t\t<a class=\"box-image\" href=\"https:\/\/open.spotify.com\/playlist\/6OsmffObQwbGY4y6dljtjH\"\r\n\t\t\t\t   style=\"background-image: url('https:\/\/i0.wp.com\/radiosisal.com\/br\/wp-content\/uploads\/2023\/12\/Blue-Texture-Top-Playlist-Of-The-Week-Instagram-Post1.png?resize=750%2C430&#038;ssl=1')\">\r\n\t\t\t\t<\/a>\r\n\t\t\t\t<div class=\"box-text\">\r\n\t\t\t\t\t<h3 class=\"box-title\"><\/h3>\r\n\t\t\t\t<\/div>\r\n\t\t\t<\/div>\r\n\t\t<\/div>\r\n\t<\/div>\r\n[\/vc_column][vc_column width=&#8221;1\/4&#8243;]\t<div class=\"bs-shortcode bs-box bs-box-2  \">\r\n\t\t\t\t<div class=\"bs-box-inner\">\r\n\t\t\t\t\t\t<div class=\"box-content\">\r\n\t\t\t\t<a class=\"box-image\" href=\"https:\/\/open.spotify.com\/playlist\/5IUUFoJXr9ngrcdISwlZMX\"\r\n\t\t\t\t   style=\"background-image: url('https:\/\/i0.wp.com\/radiosisal.com\/br\/wp-content\/uploads\/2023\/12\/Blue-Texture-Top-Playlist-Of-The-Week-Instagram-Post2.png?resize=750%2C430&#038;ssl=1')\">\r\n\t\t\t\t<\/a>\r\n\t\t\t\t<div class=\"box-text\">\r\n\t\t\t\t\t<h3 class=\"box-title\"><\/h3>\r\n\t\t\t\t<\/div>\r\n\t\t\t<\/div>\r\n\t\t<\/div>\r\n\t<\/div>\r\n[\/vc_column][vc_column width=&#8221;1\/4&#8243;]\t<div class=\"bs-shortcode bs-box bs-box-2  \">\r\n\t\t\t\t<div class=\"bs-box-inner\">\r\n\t\t\t\t\t\t<div class=\"box-content\">\r\n\t\t\t\t<a class=\"box-image\" href=\"https:\/\/open.spotify.com\/playlist\/291vGSjD3Im6pXRoUyPpTg\"\r\n\t\t\t\t   style=\"background-image: url('https:\/\/i0.wp.com\/radiosisal.com\/br\/wp-content\/uploads\/2023\/12\/Blue-Texture-Top-Playlist-Of-The-Week-Instagram-Post3.png?resize=750%2C430&#038;ssl=1')\">\r\n\t\t\t\t<\/a>\r\n\t\t\t\t<div class=\"box-text\">\r\n\t\t\t\t\t<h3 class=\"box-title\"><\/h3>\r\n\t\t\t\t<\/div>\r\n\t\t\t<\/div>\r\n\t\t<\/div>\r\n\t<\/div>\r\n[\/vc_column][\/vc_row][vc_row css=&#8221;.vc_custom_1699408168217{background-color: rgba(30,115,190,0.66) !important;*background-color: rgb(30,115,190) !important;}&#8221;][vc_column css=&#8221;.vc_custom_1710336735290{background-color: #3890e1 !important;}&#8221;][vc_zigzag]<div  class=\"bs-shortcode bs-about bscb-96815  vc_custom_1710336786496 bs-light-scheme have_bg\">\r\n\t\t\t<h3 class=\"section-heading sh-t7 sh-s1\">\r\n\t\t\t\t<span class=\"h-text\">Sobre n\u00f3s<\/span>\r\n\t\t\t\t<\/h3>\r\n\t\t\t<h4 class=\"about-title\">\r\n\t\tRadio Sisal - Copyright\t<\/h4>\r\n\t<div class=\"about-text\">\r\n\t\t<p>Endere\u00e7o: Jo\u00e3o Mateus de Souza, 307A, A\u00e7udinho, Concei\u00e7\u00e3o do Coit\u00e9<\/p>\n<p>Contato comercial:<br \/>\ncomercial@radiosisal.com<\/p>\n<p>Telefone: 75 3262-1010<br \/>\n75 99148-0315<br \/>\nInstagram: @radiosisal97.3<br \/>\nFacebook: www.facebook.com\/radiosisal97.3fm<br \/>\nCanal no Youtube: @radiosisal<br \/>\nX: @radio_sisal<\/p>\n\t<\/div>\r\n\t<ul class=\"about-icons-list\"><li class=\"about-icon-item facebook\"><a href=\"#\" target=\"_blank\"><i class=\"fa fa-facebook\"><\/i><\/a><li class=\"about-icon-item instagram\"><a href=\"#\" target=\"_blank\"><i class=\"fa fa-instagram\"><\/i><\/a><\/ul><\/div>\r\n[\/vc_column][\/vc_row]<\/p>\n","protected":false},"excerpt":{"rendered":"<p>[vc_row full_width=&#8221;stretch_row&#8221;][vc_column width=&#8221;2\/3&#8243; css=&#8221;.vc_custom_1710357117926{background-color: #3890e1 !important;border-radius: 15px !important;}&#8221;][\/vc_column][vc_column width=&#8221;1\/3&#8243; css=&#8221;.vc_custom_1710357144939{background-color: #b6d3d3 !important;border-radius: 15px !important;}&#8221;][vc_wp_text title=&#8221;Transmiss\u00e3o ao vivo Sisal FM&#8221;][\/vc_wp_text][vc_wp_text title=&#8221;OU\u00c7A AO VIVO!!!&#8221;] [\/vc_wp_text][vc_wp_text][\/vc_wp_text][\/vc_column][\/vc_row][vc_row][vc_column width=&#8221;2\/3&#8243; css=&#8221;.vc_custom_1710337145852{background-color: #ffffff !important;}&#8221;][\/vc_column][\/vc_row][vc_row css=&#8221;.vc_custom_1699406507754{background-color: rgba(97,194,208,0.06) !important;*background-color: rgb(97,194,208) !important;}&#8221;][vc_column width=&#8221;1\/3&#8243; css=&#8221;.vc_custom_1710339516476{background-color: #3890e1 !important;border-radius: 15px !important;}&#8221;][\/vc_column][vc_column width=&#8221;1\/3&#8243; css=&#8221;.vc_custom_1710339505920{background-color: #3890e1 !important;border-radius: 15px !important;}&#8221;][\/vc_column][vc_column width=&#8221;1\/3&#8243; css=&#8221;.vc_custom_1710357269195{background-color: #b6d3d3 !important;border-radius: 15px !important;}&#8221;][\/vc_column][\/vc_row][vc_row][vc_column css=&#8221;.vc_custom_1710339532502{border-radius: 15px !important;}&#8221;][\/vc_column][\/vc_row][vc_row css=&#8221;.vc_custom_1699405070778{background-color: #3890e1 [&hellip;]<\/p>\n","protected":false},"author":1,"featured_media":0,"parent":0,"menu_order":0,"comment_status":"closed","ping_status":"closed","template":"","meta":{"footnotes":""},"class_list":["post-76","page","type-page","status-publish","hentry"],"jetpack_sharing_enabled":true,"_links":{"self":[{"href":"https:\/\/radiosisal.com\/br\/wp-json\/wp\/v2\/pages\/76","targetHints":{"allow":["GET"]}}],"collection":[{"href":"https:\/\/radiosisal.com\/br\/wp-json\/wp\/v2\/pages"}],"about":[{"href":"https:\/\/radiosisal.com\/br\/wp-json\/wp\/v2\/types\/page"}],"author":[{"embeddable":true,"href":"https:\/\/radiosisal.com\/br\/wp-json\/wp\/v2\/users\/1"}],"replies":[{"embeddable":true,"href":"https:\/\/radiosisal.com\/br\/wp-json\/wp\/v2\/comments?post=76"}],"version-history":[{"count":204,"href":"https:\/\/radiosisal.com\/br\/wp-json\/wp\/v2\/pages\/76\/revisions"}],"predecessor-version":[{"id":7742,"href":"https:\/\/radiosisal.com\/br\/wp-json\/wp\/v2\/pages\/76\/revisions\/7742"}],"wp:attachment":[{"href":"https:\/\/radiosisal.com\/br\/wp-json\/wp\/v2\/media?parent=76"}],"curies":[{"name":"wp","href":"https:\/\/api.w.org\/{rel}","templated":true}]}}